{"id":82166,"date":"2025-09-27T13:17:47","date_gmt":"2025-09-27T11:17:47","guid":{"rendered":"https:\/\/heloa.app\/fr?post_type=medecin&#038;p=82166"},"modified":"2025-09-27T13:17:47","modified_gmt":"2025-09-27T11:17:47","slug":"dr-catherine-fontaine","status":"publish","type":"medecin","link":"https:\/\/heloa.app\/fr\/medecin-generaliste\/la-reunion\/les-avirons\/dr-catherine-fontaine","title":{"rendered":"Dr Catherine Fontaine | M\u00e9decin g\u00e9n\u00e9raliste \u00e0 Les Avirons"},"content":{"rendered":"","protected":false},"excerpt":{"rendered":"","protected":false},"featured_media":0,"template":"","format":"standard","meta":{"_acf_changed":false,"_kad_blocks_custom_css":"","_kad_blocks_head_custom_js":"","_kad_blocks_body_custom_js":"","_kad_blocks_footer_custom_js":"","_kad_post_transparent":"","_kad_post_title":"","_kad_post_layout":"","_kad_post_sidebar_id":"","_kad_post_content_style":"","_kad_post_vertical_padding":"","_kad_post_feature":"","_kad_post_feature_position":"","_kad_post_header":false,"_kad_post_footer":false,"_kad_post_classname":"","rank_math_title":"Dr Catherine Fontaine | M\u00e9decin g\u00e9n\u00e9raliste \u00e0 Les Avirons","rank_math_description":"Prenez RDV avec le Dr Catherine Fontaine, M\u00e9decin g\u00e9n\u00e9raliste. Adresse: Cabinet Fontaine Catherine 54b Avenue Du General De Gaulle 97425 Les Avirons.","rank_math_focus_keyword":"","rank_math_primary_category":null,"ilj_linkdefinition":["catherine fontaine"],"footnotes":""},"categories":[],"departement":[1003,5409],"profession":[949],"class_list":["post-82166","medecin","type-medecin","status-publish","format-standard","hentry","departement-la-reunion","departement-les-avirons","profession-medecin-generaliste"],"acf":{"prestation_table":"<table border=\"1\" cellpadding=\"5\" cellspacing=\"0\"><thead><tr><th>Libelle acte clinique<\/th><th>Type acte<\/th><th>Montant generalement constate<\/th><\/tr><\/thead><tbody><tr><td>Consultation g\u00e9n\u00e9raliste<\/td><td>Acte clinique<\/td><td><\/td><\/tr><tr><td>Consultation g\u00e9n\u00e9raliste,MEConsultation g\u00e9n\u00e9raliste<\/td><td>Acte clinique<\/td><td><\/td><\/tr><\/tbody><\/table>","technical_table":"<table border=\"1\" cellpadding=\"5\" cellspacing=\"0\"><thead><tr><th>Acte technique realise<\/th><th>Famille acte technique<\/th><th>Regroupement<\/th><th>Tarif secteur 1<\/th><th>Tarif hors secteur 1<\/th><th>Tm exoneration<\/th><th>Base remboursement<\/th><\/tr><\/thead><tbody><tr><td>Mesure de la capacit\u00e9 vitale lente et de l'expiration forc\u00e9e, avec enregistrement [Spirom\u00e9trie standard]<\/td><td>Exploration fonctionnelle de la respiration (EFR),<\/td><td>Actes techniques m\u00e9dicaux (hors imagerie)<\/td><td>41.08<\/td><td>38.34<\/td><td>2.0<\/td><td>41.08<\/td><\/tr><tr><td>Ex\u00e9r\u00e8se tangentielle de 6 l\u00e9sions cutan\u00e9es ou plus<\/td><td>Ablation chirurgicale de l\u00e9sion de la peau ou du tissu sous-cutan\u00e9e sauf infection, collection et ulc\u00e8re<\/td><td>Actes de chirurgie<\/td><td>35.62<\/td><td>28.72<\/td><td>1.0<\/td><td>35.62<\/td><\/tr><tr><td>Ex\u00e9r\u00e8se de 1 \u00e0 5 l\u00e9sions cutan\u00e9es, par curetage<\/td><td>Ablation chirurgicale de l\u00e9sion de la peau ou du tissu sous-cutan\u00e9e sauf infection, collection et ulc\u00e8re<\/td><td>Actes de chirurgie<\/td><td>33.44<\/td><td>23.43<\/td><td>1.0<\/td><td>33.44<\/td><\/tr><tr><td>Polygraphie respiratoire nocturne<\/td><td>Exploration du sommeil,<\/td><td>Actes techniques m\u00e9dicaux (hors imagerie)<\/td><td>148.8<\/td><td>120.98<\/td><td>2.0<\/td><td>148.8<\/td><\/tr><\/tbody><\/table>","nom_professionnel":"Dr Catherine Fontaine","numero_telephone":"02.62.38.20.80","convention_cas":"Secteur 1 ou conventionn\u00e9","contrat_acces_aux_soins":"Non.","sesam_vitale":"Lecteur de carte Sesam Vitale","coordonnees":"-21.241222, 55.332967","adresse":"Cabinet Fontaine Catherine  54b Avenue Du General De Gaulle  97425 Les Avirons","profession":"M\u00e9decin g\u00e9n\u00e9raliste","numero_rpps":"10002324423","profession_description":"Le m\u00e9decin g\u00e9n\u00e9raliste est un professionnel de sant\u00e9 polyvalent qui prend en charge les patients de tout \u00e2ge, du nourrisson \u00e0 la personne \u00e2g\u00e9e. Il assure le suivi m\u00e9dical global, la pr\u00e9vention, le diagnostic et le traitement des maladies courantes. Interlocuteur privil\u00e9gi\u00e9 des familles, il oriente si n\u00e9cessaire vers des sp\u00e9cialistes et coordonne les diff\u00e9rents soins pour garantir une prise en charge compl\u00e8te et adapt\u00e9e \u00e0 chaque situation.","commune":"Les Avirons","departement":"La R\u00e9union"},"taxonomy_info":{"departement":[{"value":1003,"label":"La R\u00e9union"},{"value":5409,"label":"Les Avirons"}],"profession":[{"value":949,"label":"M\u00e9decin g\u00e9n\u00e9raliste"}]},"featured_image_src_large":false,"author_info":[],"comment_info":"","_links":{"self":[{"href":"https:\/\/heloa.app\/fr\/wp-json\/wp\/v2\/medecin\/82166","targetHints":{"allow":["GET"]}}],"collection":[{"href":"https:\/\/heloa.app\/fr\/wp-json\/wp\/v2\/medecin"}],"about":[{"href":"https:\/\/heloa.app\/fr\/wp-json\/wp\/v2\/types\/medecin"}],"version-history":[{"count":1,"href":"https:\/\/heloa.app\/fr\/wp-json\/wp\/v2\/medecin\/82166\/revisions"}],"predecessor-version":[{"id":82167,"href":"https:\/\/heloa.app\/fr\/wp-json\/wp\/v2\/medecin\/82166\/revisions\/82167"}],"wp:attachment":[{"href":"https:\/\/heloa.app\/fr\/wp-json\/wp\/v2\/media?parent=82166"}],"wp:term":[{"taxonomy":"category","embeddable":true,"href":"https:\/\/heloa.app\/fr\/wp-json\/wp\/v2\/categories?post=82166"},{"taxonomy":"departement","embeddable":true,"href":"https:\/\/heloa.app\/fr\/wp-json\/wp\/v2\/departement?post=82166"},{"taxonomy":"profession","embeddable":true,"href":"https:\/\/heloa.app\/fr\/wp-json\/wp\/v2\/profession?post=82166"}],"curies":[{"name":"wp","href":"https:\/\/api.w.org\/{rel}","templated":true}]}}