{"id":67356,"date":"2025-09-10T01:02:57","date_gmt":"2025-09-09T23:02:57","guid":{"rendered":"https:\/\/heloa.app\/fr?post_type=medecin&#038;p=67356"},"modified":"2025-09-10T01:02:57","modified_gmt":"2025-09-09T23:02:57","slug":"dr-frederic-matter","status":"publish","type":"medecin","link":"https:\/\/heloa.app\/fr\/medecin-generaliste\/bas-rhin\/bischwiller\/dr-frederic-matter","title":{"rendered":"Dr Frederic Matter | M\u00e9decin g\u00e9n\u00e9raliste \u00e0 Bischwiller"},"content":{"rendered":"","protected":false},"excerpt":{"rendered":"","protected":false},"featured_media":0,"template":"","format":"standard","meta":{"_acf_changed":false,"_kad_blocks_custom_css":"","_kad_blocks_head_custom_js":"","_kad_blocks_body_custom_js":"","_kad_blocks_footer_custom_js":"","_kad_post_transparent":"","_kad_post_title":"","_kad_post_layout":"","_kad_post_sidebar_id":"","_kad_post_content_style":"","_kad_post_vertical_padding":"","_kad_post_feature":"","_kad_post_feature_position":"","_kad_post_header":false,"_kad_post_footer":false,"_kad_post_classname":"","rank_math_title":"Dr Frederic Matter | M\u00e9decin g\u00e9n\u00e9raliste \u00e0 Bischwiller","rank_math_description":"Prenez RDV avec le Dr Frederic Matter, M\u00e9decin g\u00e9n\u00e9raliste. Adresse: 5 Place De La Liberte 67240 Bischwiller.","rank_math_focus_keyword":"","rank_math_primary_category":null,"ilj_linkdefinition":["frederic matter"],"footnotes":""},"categories":[],"departement":[962,1943],"profession":[949],"class_list":["post-67356","medecin","type-medecin","status-publish","format-standard","hentry","departement-bas-rhin","departement-bischwiller","profession-medecin-generaliste"],"acf":{"prestation_table":"<table border=\"1\" cellpadding=\"5\" cellspacing=\"0\"><thead><tr><th>Libelle acte clinique<\/th><th>Type acte<\/th><th>Montant generalement constate<\/th><\/tr><\/thead><tbody><tr><td>Consultations obligatoires nourissons<\/td><td>Acte clinique<\/td><td><\/td><\/tr><tr><td>TCConsultation g\u00e9n\u00e9raliste<\/td><td>Acte clinique<\/td><td><\/td><\/tr><tr><td>CCE<\/td><td>Acte clinique<\/td><td><\/td><\/tr><tr><td>Consultation g\u00e9n\u00e9raliste<\/td><td>Acte clinique<\/td><td><\/td><\/tr><tr><td>Consultation g\u00e9n\u00e9raliste,MEConsultation g\u00e9n\u00e9raliste<\/td><td>Acte clinique<\/td><td><\/td><\/tr><\/tbody><\/table>","technical_table":"<table border=\"1\" cellpadding=\"5\" cellspacing=\"0\"><thead><tr><th>Acte technique realise<\/th><th>Famille acte technique<\/th><th>Regroupement<\/th><th>Tarif secteur 1<\/th><th>Tarif hors secteur 1<\/th><th>Tm exoneration<\/th><th>Base remboursement<\/th><\/tr><\/thead><tbody><tr><td>Mesure de la capacit\u00e9 vitale lente et de l'expiration forc\u00e9e, avec enregistrement [Spirom\u00e9trie standard]<\/td><td>Exploration fonctionnelle de la respiration (EFR),<\/td><td>Actes techniques m\u00e9dicaux (hors imagerie)<\/td><td>41.08<\/td><td>38.34<\/td><td>2.0<\/td><td>41.08<\/td><\/tr><tr><td>\u00c9chographie de muscle et\/ou de tendon<\/td><td>\u00c9chographie d'articulation, de muscle<\/td><td>Acte d'\u00e9chographie<\/td><td>37.8<\/td><td>37.8<\/td><td>2.0<\/td><td>37.8<\/td><\/tr><tr><td>\u00c9chographie de la peau, des ongles et\/ou des tissus mous<\/td><td>\u00c9chographie d'articulation, de muscle<\/td><td>Acte d'\u00e9chographie<\/td><td>37.8<\/td><td>37.8<\/td><td>2.0<\/td><td>37.8<\/td><\/tr><tr><td>\u00c9lectrocardiographie sur au moins 12 d\u00e9rivations<\/td><td>\u00c9lectrocardiogramme (ECG),<\/td><td>Actes techniques m\u00e9dicaux (hors imagerie)<\/td><td>14.52<\/td><td>13.66<\/td><td>2.0<\/td><td>14.52<\/td><\/tr><tr><td>\u00c9chographie unilat\u00e9rale ou bilat\u00e9rale d'une articulation et de son appareil capsuloligamentaire<\/td><td>\u00c9chographie d'articulation, de muscle<\/td><td>Acte d'\u00e9chographie<\/td><td>37.8<\/td><td>37.8<\/td><td>2.0<\/td><td>37.8<\/td><\/tr><tr><td>Test d'\u00e9valuation d'une d\u00e9pression<\/td><td>Test d'\u00e9valuation neuropsychologique,<\/td><td>Actes techniques m\u00e9dicaux (hors imagerie)<\/td><td>69.12<\/td><td>69.12<\/td><td>2.0<\/td><td>69.12<\/td><\/tr><\/tbody><\/table>","nom_professionnel":"Dr Frederic Matter","numero_telephone":"03.67.17.97.97","convention_cas":"Secteur 1 ou conventionn\u00e9","contrat_acces_aux_soins":"Non.","sesam_vitale":"Lecteur de carte Sesam Vitale","coordonnees":"48.767899, 7.857014","adresse":"5 Place De La Liberte  67240 Bischwiller","profession":"M\u00e9decin g\u00e9n\u00e9raliste","numero_rpps":"Non communiqu\u00e9.","profession_description":"Le m\u00e9decin g\u00e9n\u00e9raliste est un professionnel de sant\u00e9 polyvalent qui prend en charge les patients de tout \u00e2ge, du nourrisson \u00e0 la personne \u00e2g\u00e9e. Il assure le suivi m\u00e9dical global, la pr\u00e9vention, le diagnostic et le traitement des maladies courantes. Interlocuteur privil\u00e9gi\u00e9 des familles, il oriente si n\u00e9cessaire vers des sp\u00e9cialistes et coordonne les diff\u00e9rents soins pour garantir une prise en charge compl\u00e8te et adapt\u00e9e \u00e0 chaque situation.","commune":"Bischwiller","departement":"Bas-Rhin"},"taxonomy_info":{"departement":[{"value":962,"label":"Bas-Rhin"},{"value":1943,"label":"Bischwiller"}],"profession":[{"value":949,"label":"M\u00e9decin g\u00e9n\u00e9raliste"}]},"featured_image_src_large":false,"author_info":[],"comment_info":"","_links":{"self":[{"href":"https:\/\/heloa.app\/fr\/wp-json\/wp\/v2\/medecin\/67356","targetHints":{"allow":["GET"]}}],"collection":[{"href":"https:\/\/heloa.app\/fr\/wp-json\/wp\/v2\/medecin"}],"about":[{"href":"https:\/\/heloa.app\/fr\/wp-json\/wp\/v2\/types\/medecin"}],"version-history":[{"count":1,"href":"https:\/\/heloa.app\/fr\/wp-json\/wp\/v2\/medecin\/67356\/revisions"}],"predecessor-version":[{"id":67357,"href":"https:\/\/heloa.app\/fr\/wp-json\/wp\/v2\/medecin\/67356\/revisions\/67357"}],"wp:attachment":[{"href":"https:\/\/heloa.app\/fr\/wp-json\/wp\/v2\/media?parent=67356"}],"wp:term":[{"taxonomy":"category","embeddable":true,"href":"https:\/\/heloa.app\/fr\/wp-json\/wp\/v2\/categories?post=67356"},{"taxonomy":"departement","embeddable":true,"href":"https:\/\/heloa.app\/fr\/wp-json\/wp\/v2\/departement?post=67356"},{"taxonomy":"profession","embeddable":true,"href":"https:\/\/heloa.app\/fr\/wp-json\/wp\/v2\/profession?post=67356"}],"curies":[{"name":"wp","href":"https:\/\/api.w.org\/{rel}","templated":true}]}}