{"id":59950,"date":"2025-09-06T22:05:24","date_gmt":"2025-09-06T20:05:24","guid":{"rendered":"https:\/\/heloa.app\/fr?post_type=medecin&#038;p=59950"},"modified":"2025-09-06T22:05:24","modified_gmt":"2025-09-06T20:05:24","slug":"dr-philippe-laborne","status":"publish","type":"medecin","link":"https:\/\/heloa.app\/fr\/medecin-generaliste\/yvelines\/le-vesinet\/dr-philippe-laborne","title":{"rendered":"Dr Philippe Laborne | M\u00e9decin g\u00e9n\u00e9raliste \u00e0 Le V\u00e9sinet"},"content":{"rendered":"","protected":false},"excerpt":{"rendered":"","protected":false},"featured_media":0,"template":"","format":"standard","meta":{"_acf_changed":false,"_kad_blocks_custom_css":"","_kad_blocks_head_custom_js":"","_kad_blocks_body_custom_js":"","_kad_blocks_footer_custom_js":"","_kad_post_transparent":"","_kad_post_title":"","_kad_post_layout":"","_kad_post_sidebar_id":"","_kad_post_content_style":"","_kad_post_vertical_padding":"","_kad_post_feature":"","_kad_post_feature_position":"","_kad_post_header":false,"_kad_post_footer":false,"_kad_post_classname":"","rank_math_title":"Dr Philippe Laborne | M\u00e9decin g\u00e9n\u00e9raliste \u00e0 Le V\u00e9sinet","rank_math_description":"Prenez RDV avec le Dr Philippe Laborne, M\u00e9decin g\u00e9n\u00e9raliste. Adresse: Cabinet Du Dr Philippe Laborne 17 Rue Du Marche 78110 Le Vesinet.","rank_math_focus_keyword":"","rank_math_primary_category":null,"ilj_linkdefinition":["philippe laborne"],"footnotes":""},"categories":[],"departement":[5352,1052],"profession":[949],"class_list":["post-59950","medecin","type-medecin","status-publish","format-standard","hentry","departement-le-vesinet","departement-yvelines","profession-medecin-generaliste"],"acf":{"prestation_table":"<table border=\"1\" cellpadding=\"5\" cellspacing=\"0\"><thead><tr><th>Libelle acte clinique<\/th><th>Type acte<\/th><th>Montant generalement constate<\/th><\/tr><\/thead><tbody><tr><td>Consultation g\u00e9n\u00e9raliste S,MEConsultation g\u00e9n\u00e9raliste<\/td><td>Acte clinique<\/td><td><\/td><\/tr><tr><td>Consultations obligatoires nourissons<\/td><td>Acte clinique<\/td><td><\/td><\/tr><tr><td>Consultation g\u00e9n\u00e9raliste,MEConsultation g\u00e9n\u00e9raliste<\/td><td>Acte clinique<\/td><td><\/td><\/tr><tr><td>Consultation g\u00e9n\u00e9raliste<\/td><td>Acte clinique<\/td><td><\/td><\/tr><tr><td>Consultation g\u00e9n\u00e9raliste S<\/td><td>Acte clinique<\/td><td><\/td><\/tr><\/tbody><\/table>","technical_table":"<table border=\"1\" cellpadding=\"5\" cellspacing=\"0\"><thead><tr><th>Acte technique realise<\/th><th>Famille acte technique<\/th><th>Regroupement<\/th><th>Tarif secteur 1<\/th><th>Tarif hors secteur 1<\/th><th>Tm exoneration<\/th><th>Base remboursement<\/th><\/tr><\/thead><tbody><tr><td>\u00c9lectrocardiographie sur au moins 12 d\u00e9rivations<\/td><td>\u00c9lectrocardiogramme (ECG),<\/td><td>Actes techniques m\u00e9dicaux (hors imagerie)<\/td><td>14.52<\/td><td>13.66<\/td><td>2.0<\/td><td>14.52<\/td><\/tr><\/tbody><\/table>","nom_professionnel":"Dr Philippe Laborne","numero_telephone":"01.30.71.25.94","convention_cas":"Secteur 1 ou conventionn\u00e9","contrat_acces_aux_soins":"Non.","sesam_vitale":"Lecteur de carte Sesam Vitale","coordonnees":"48.893506, 2.131594","adresse":"Cabinet Du Dr Philippe Laborne  17 Rue Du Marche  78110 Le Vesinet","profession":"M\u00e9decin g\u00e9n\u00e9raliste","numero_rpps":"10000799212","profession_description":"Le m\u00e9decin g\u00e9n\u00e9raliste est un professionnel de sant\u00e9 polyvalent qui prend en charge les patients de tout \u00e2ge, du nourrisson \u00e0 la personne \u00e2g\u00e9e. Il assure le suivi m\u00e9dical global, la pr\u00e9vention, le diagnostic et le traitement des maladies courantes. Interlocuteur privil\u00e9gi\u00e9 des familles, il oriente si n\u00e9cessaire vers des sp\u00e9cialistes et coordonne les diff\u00e9rents soins pour garantir une prise en charge compl\u00e8te et adapt\u00e9e \u00e0 chaque situation.","commune":"Le V\u00e9sinet","departement":"Yvelines"},"taxonomy_info":{"departement":[{"value":5352,"label":"Le V\u00e9sinet"},{"value":1052,"label":"Yvelines"}],"profession":[{"value":949,"label":"M\u00e9decin g\u00e9n\u00e9raliste"}]},"featured_image_src_large":false,"author_info":[],"comment_info":"","_links":{"self":[{"href":"https:\/\/heloa.app\/fr\/wp-json\/wp\/v2\/medecin\/59950","targetHints":{"allow":["GET"]}}],"collection":[{"href":"https:\/\/heloa.app\/fr\/wp-json\/wp\/v2\/medecin"}],"about":[{"href":"https:\/\/heloa.app\/fr\/wp-json\/wp\/v2\/types\/medecin"}],"version-history":[{"count":1,"href":"https:\/\/heloa.app\/fr\/wp-json\/wp\/v2\/medecin\/59950\/revisions"}],"predecessor-version":[{"id":59951,"href":"https:\/\/heloa.app\/fr\/wp-json\/wp\/v2\/medecin\/59950\/revisions\/59951"}],"wp:attachment":[{"href":"https:\/\/heloa.app\/fr\/wp-json\/wp\/v2\/media?parent=59950"}],"wp:term":[{"taxonomy":"category","embeddable":true,"href":"https:\/\/heloa.app\/fr\/wp-json\/wp\/v2\/categories?post=59950"},{"taxonomy":"departement","embeddable":true,"href":"https:\/\/heloa.app\/fr\/wp-json\/wp\/v2\/departement?post=59950"},{"taxonomy":"profession","embeddable":true,"href":"https:\/\/heloa.app\/fr\/wp-json\/wp\/v2\/profession?post=59950"}],"curies":[{"name":"wp","href":"https:\/\/api.w.org\/{rel}","templated":true}]}}