{"id":43659,"date":"2025-08-29T15:04:53","date_gmt":"2025-08-29T13:04:53","guid":{"rendered":"https:\/\/heloa.app\/fr?post_type=medecin&#038;p=43659"},"modified":"2025-08-29T15:04:53","modified_gmt":"2025-08-29T13:04:53","slug":"dr-jean-schaeffer","status":"publish","type":"medecin","link":"https:\/\/heloa.app\/fr\/medecin-generaliste\/bas-rhin\/bischwiller\/dr-jean-schaeffer","title":{"rendered":"Dr Jean Schaeffer | M\u00e9decin g\u00e9n\u00e9raliste \u00e0 Bischwiller"},"content":{"rendered":"","protected":false},"excerpt":{"rendered":"","protected":false},"featured_media":0,"template":"","format":"standard","meta":{"_acf_changed":false,"_kad_blocks_custom_css":"","_kad_blocks_head_custom_js":"","_kad_blocks_body_custom_js":"","_kad_blocks_footer_custom_js":"","_kad_post_transparent":"","_kad_post_title":"","_kad_post_layout":"","_kad_post_sidebar_id":"","_kad_post_content_style":"","_kad_post_vertical_padding":"","_kad_post_feature":"","_kad_post_feature_position":"","_kad_post_header":false,"_kad_post_footer":false,"_kad_post_classname":"","rank_math_title":"Dr Jean Schaeffer | M\u00e9decin g\u00e9n\u00e9raliste \u00e0 Bischwiller","rank_math_description":"Prenez RDV avec le Dr Jean Schaeffer, M\u00e9decin g\u00e9n\u00e9raliste. Adresse: 38 Rue Du General Rampont 67240 Bischwiller.","rank_math_focus_keyword":"","rank_math_primary_category":null,"ilj_linkdefinition":["jean schaeffer"],"footnotes":""},"categories":[],"departement":[962,1943],"profession":[949],"class_list":["post-43659","medecin","type-medecin","status-publish","format-standard","hentry","departement-bas-rhin","departement-bischwiller","profession-medecin-generaliste"],"acf":{"prestation_table":"<table border=\"1\" cellpadding=\"5\" cellspacing=\"0\"><thead><tr><th>Libelle acte clinique<\/th><th>Type acte<\/th><th>Montant generalement constate<\/th><\/tr><\/thead><tbody><tr><td>Consultation g\u00e9n\u00e9raliste<\/td><td>Acte clinique<\/td><td><\/td><\/tr><tr><td>CCE<\/td><td>Acte clinique<\/td><td><\/td><\/tr><tr><td>Consultation g\u00e9n\u00e9raliste,MTX<\/td><td>Acte clinique<\/td><td><\/td><\/tr><tr><td>TCConsultation g\u00e9n\u00e9raliste<\/td><td>Acte clinique<\/td><td><\/td><\/tr><tr><td>Consultation g\u00e9n\u00e9raliste,MCConsultation g\u00e9n\u00e9raliste<\/td><td>Acte clinique<\/td><td><\/td><\/tr><tr><td>Consultation g\u00e9n\u00e9raliste,MEConsultation g\u00e9n\u00e9raliste<\/td><td>Acte clinique<\/td><td><\/td><\/tr><\/tbody><\/table>","technical_table":"<table border=\"1\" cellpadding=\"5\" cellspacing=\"0\"><thead><tr><th>Acte technique realise<\/th><th>Famille acte technique<\/th><th>Regroupement<\/th><th>Tarif secteur 1<\/th><th>Tarif hors secteur 1<\/th><th>Tm exoneration<\/th><th>Base remboursement<\/th><\/tr><\/thead><tbody><tr><td>Confection d'une orth\u00e8se statique de 2 doigts<\/td><td>Actes m\u00e9dicaux de confection d'orth\u00e8se de membre,<\/td><td>Actes techniques m\u00e9dicaux (hors imagerie)<\/td><td>38.4<\/td><td>38.4<\/td><td>1.0<\/td><td>38.4<\/td><\/tr><tr><td>Ablation d'un corps \u00e9tranger superficiel de la corn\u00e9e<\/td><td>Traitement de la corn\u00e9e (\u0153il),<\/td><td>Actes techniques m\u00e9dicaux (hors imagerie)<\/td><td>20.9<\/td><td>20.9<\/td><td>1.0<\/td><td>20.9<\/td><\/tr><tr><td>Confection d'une contention souple d'une articulation du membre sup\u00e9rieur<\/td><td>Actes m\u00e9dicaux de confection de pl\u00e2tre (en dehors des fractures), de contention souple et d'attelle de posture<\/td><td>Actes techniques m\u00e9dicaux (hors imagerie)<\/td><td>31.35<\/td><td>31.35<\/td><td>1.0<\/td><td>31.35<\/td><\/tr><tr><td>Injection th\u00e9rapeutique d'agent pharmacologique dans une articulation ou une bourse s\u00e9reuse du membre inf\u00e9rieur, par voie transcutan\u00e9e sans guidage<\/td><td>Actes m\u00e9dicaux sur les articulations pour \u00e9vacuation et infiltration d'\u00e9panchement articulaire de membre (y compris synoviorth\u00e8se),<\/td><td>Actes techniques m\u00e9dicaux (hors imagerie)<\/td><td>31.51<\/td><td>31.51<\/td><td>1.0<\/td><td>31.51<\/td><\/tr><tr><td>Infiltration th\u00e9rapeutique d'articulation vert\u00e9brale post\u00e9rieure, par voie transcutan\u00e9e sans guidage<\/td><td>Infiltration de m\u00e9dicament ou destruction d'articulation post\u00e9rieure de la colonne vert\u00e9brale,<\/td><td>Actes techniques m\u00e9dicaux (hors imagerie)<\/td><td>34.94<\/td><td>34.94<\/td><td>1.0<\/td><td>34.94<\/td><\/tr><tr><td>Test d'\u00e9valuation d'une d\u00e9pression<\/td><td>Test d'\u00e9valuation neuropsychologique,<\/td><td>Actes techniques m\u00e9dicaux (hors imagerie)<\/td><td>69.12<\/td><td>69.12<\/td><td>2.0<\/td><td>69.12<\/td><\/tr><tr><td>Confection d'une orth\u00e8se statique d'un doigt<\/td><td>Actes m\u00e9dicaux de confection d'orth\u00e8se de membre,<\/td><td>Actes techniques m\u00e9dicaux (hors imagerie)<\/td><td>38.4<\/td><td>38.4<\/td><td>1.0<\/td><td>38.4<\/td><\/tr><tr><td>Injection th\u00e9rapeutique d'agent pharmacologique dans une articulation ou une bourse s\u00e9reuse du membre sup\u00e9rieur, par voie transcutan\u00e9e sans guidage<\/td><td>Actes m\u00e9dicaux sur les articulations pour \u00e9vacuation et infiltration d'\u00e9panchement articulaire de membre (y compris synoviorth\u00e8se),<\/td><td>Actes techniques m\u00e9dicaux (hors imagerie)<\/td><td>26.72<\/td><td>26.72<\/td><td>1.0<\/td><td>26.72<\/td><\/tr><tr><td>Ablation unilat\u00e9rale ou bilat\u00e9rale de bouchon de c\u00e9rumen ou de corps \u00e9tranger du m\u00e9at acoustique externe<\/td><td>Ablation de bouchon de c\u00e9rumen ou de corps \u00e9tranger du conduit auditif (oreille),<\/td><td>Actes techniques m\u00e9dicaux (hors imagerie)<\/td><td>19.63<\/td><td>17.43<\/td><td>1.0<\/td><td>19.63<\/td><\/tr><tr><td>\u00c9vacuation de collection superficielle de la peau, par abord direct<\/td><td>Ablation chirurgicale de l\u00e9sion infectieuse, de collection (abc\u00e8s...) ou d'ulc\u00e8re de la peau ou du tissu sous-cutan\u00e9e<\/td><td>Actes de chirurgie<\/td><td>39.1<\/td><td>27.07<\/td><td>1.0<\/td><td>39.1<\/td><\/tr><tr><td>Confection d'une contention souple de la cheville et\/ou du pied, ou confection d'une semelle pl\u00e2tr\u00e9e<\/td><td>Actes m\u00e9dicaux de confection de pl\u00e2tre (en dehors des fractures), de contention souple et d'attelle de posture<\/td><td>Actes techniques m\u00e9dicaux (hors imagerie)<\/td><td>20.9<\/td><td>20.9<\/td><td>1.0<\/td><td>20.9<\/td><\/tr><tr><td>Confection d'une attelle de posture ou de mobilisation de la cheville<\/td><td>Actes m\u00e9dicaux de confection de pl\u00e2tre (en dehors des fractures), de contention souple et d'attelle de posture<\/td><td>Actes techniques m\u00e9dicaux (hors imagerie)<\/td><td>41.79<\/td><td>33.02<\/td><td>1.0<\/td><td>41.79<\/td><\/tr><tr><td>S\u00e9ance de m\u00e9decine manuelle de la colonne vert\u00e9brale<\/td><td>S\u00e9ance d'\u00e9longation et de manipulation de la colonne vert\u00e9brale,<\/td><td>Actes techniques m\u00e9dicaux (hors imagerie)<\/td><td>34.25<\/td><td>25.51<\/td><td>1.0<\/td><td>34.25<\/td><\/tr><\/tbody><\/table>","nom_professionnel":"Dr Jean Schaeffer","numero_telephone":"03.88.63.66.88","convention_cas":"Secteur 1 ou conventionn\u00e9","contrat_acces_aux_soins":"Non.","sesam_vitale":"Lecteur de carte Sesam Vitale","coordonnees":"48.769182, 7.856415","adresse":"38 Rue Du General Rampont  67240 Bischwiller","profession":"M\u00e9decin g\u00e9n\u00e9raliste","numero_rpps":"10002434792","profession_description":"Le m\u00e9decin g\u00e9n\u00e9raliste est un professionnel de sant\u00e9 polyvalent qui prend en charge les patients de tout \u00e2ge, du nourrisson \u00e0 la personne \u00e2g\u00e9e. Il assure le suivi m\u00e9dical global, la pr\u00e9vention, le diagnostic et le traitement des maladies courantes. Interlocuteur privil\u00e9gi\u00e9 des familles, il oriente si n\u00e9cessaire vers des sp\u00e9cialistes et coordonne les diff\u00e9rents soins pour garantir une prise en charge compl\u00e8te et adapt\u00e9e \u00e0 chaque situation.","commune":"Bischwiller","departement":"Bas-Rhin"},"taxonomy_info":{"departement":[{"value":962,"label":"Bas-Rhin"},{"value":1943,"label":"Bischwiller"}],"profession":[{"value":949,"label":"M\u00e9decin g\u00e9n\u00e9raliste"}]},"featured_image_src_large":false,"author_info":[],"comment_info":"","_links":{"self":[{"href":"https:\/\/heloa.app\/fr\/wp-json\/wp\/v2\/medecin\/43659","targetHints":{"allow":["GET"]}}],"collection":[{"href":"https:\/\/heloa.app\/fr\/wp-json\/wp\/v2\/medecin"}],"about":[{"href":"https:\/\/heloa.app\/fr\/wp-json\/wp\/v2\/types\/medecin"}],"version-history":[{"count":1,"href":"https:\/\/heloa.app\/fr\/wp-json\/wp\/v2\/medecin\/43659\/revisions"}],"predecessor-version":[{"id":43660,"href":"https:\/\/heloa.app\/fr\/wp-json\/wp\/v2\/medecin\/43659\/revisions\/43660"}],"wp:attachment":[{"href":"https:\/\/heloa.app\/fr\/wp-json\/wp\/v2\/media?parent=43659"}],"wp:term":[{"taxonomy":"category","embeddable":true,"href":"https:\/\/heloa.app\/fr\/wp-json\/wp\/v2\/categories?post=43659"},{"taxonomy":"departement","embeddable":true,"href":"https:\/\/heloa.app\/fr\/wp-json\/wp\/v2\/departement?post=43659"},{"taxonomy":"profession","embeddable":true,"href":"https:\/\/heloa.app\/fr\/wp-json\/wp\/v2\/profession?post=43659"}],"curies":[{"name":"wp","href":"https:\/\/api.w.org\/{rel}","templated":true}]}}