{"id":43613,"date":"2025-08-29T14:14:39","date_gmt":"2025-08-29T12:14:39","guid":{"rendered":"https:\/\/heloa.app\/fr?post_type=medecin&#038;p=43613"},"modified":"2025-08-29T14:14:39","modified_gmt":"2025-08-29T12:14:39","slug":"dr-lisa-dakan-braun","status":"publish","type":"medecin","link":"https:\/\/heloa.app\/fr\/medecin-generaliste\/bas-rhin\/hoerdt\/dr-lisa-dakan-braun","title":{"rendered":"Dr Lisa Dakan Braun | M\u00e9decin g\u00e9n\u00e9raliste \u00e0 H\u0153rdt"},"content":{"rendered":"","protected":false},"excerpt":{"rendered":"","protected":false},"featured_media":0,"template":"","format":"standard","meta":{"_acf_changed":false,"_kad_blocks_custom_css":"","_kad_blocks_head_custom_js":"","_kad_blocks_body_custom_js":"","_kad_blocks_footer_custom_js":"","_kad_post_transparent":"","_kad_post_title":"","_kad_post_layout":"","_kad_post_sidebar_id":"","_kad_post_content_style":"","_kad_post_vertical_padding":"","_kad_post_feature":"","_kad_post_feature_position":"","_kad_post_header":false,"_kad_post_footer":false,"_kad_post_classname":"","rank_math_title":"Dr Lisa Dakan Braun | M\u00e9decin g\u00e9n\u00e9raliste \u00e0 H\u0153rdt","rank_math_description":"Prenez RDV avec le Dr Lisa Dakan Braun, M\u00e9decin g\u00e9n\u00e9raliste. Adresse: 13c Rue Heyler 67720 Hoerdt.","rank_math_focus_keyword":"","rank_math_primary_category":null,"ilj_linkdefinition":["lisa dakan braun"],"footnotes":""},"categories":[],"departement":[962,4377],"profession":[949],"class_list":["post-43613","medecin","type-medecin","status-publish","format-standard","hentry","departement-bas-rhin","departement-hoerdt","profession-medecin-generaliste"],"acf":{"prestation_table":"<table border=\"1\" cellpadding=\"5\" cellspacing=\"0\"><thead><tr><th>Libelle acte clinique<\/th><th>Type acte<\/th><th>Montant generalement constate<\/th><\/tr><\/thead><tbody><tr><td>Consultation g\u00e9n\u00e9raliste<\/td><td>Acte clinique<\/td><td><\/td><\/tr><tr><td>CCP<\/td><td>Acte clinique<\/td><td><\/td><\/tr><tr><td>CCX<\/td><td>Acte clinique<\/td><td><\/td><\/tr><tr><td>Consultation g\u00e9n\u00e9raliste,MEConsultation g\u00e9n\u00e9raliste<\/td><td>Acte clinique<\/td><td><\/td><\/tr><tr><td>Consultation g\u00e9n\u00e9raliste,MCConsultation g\u00e9n\u00e9raliste<\/td><td>Acte clinique<\/td><td><\/td><\/tr><tr><td>Consultations obligatoires nourissons<\/td><td>Acte clinique<\/td><td><\/td><\/tr><\/tbody><\/table>","technical_table":"<table border=\"1\" cellpadding=\"5\" cellspacing=\"0\"><thead><tr><th>Acte technique realise<\/th><th>Famille acte technique<\/th><th>Regroupement<\/th><th>Tarif secteur 1<\/th><th>Tarif hors secteur 1<\/th><th>Tm exoneration<\/th><th>Base remboursement<\/th><\/tr><\/thead><tbody><tr><td>Examen de la vision binoculaire<\/td><td>Examen de la vision,<\/td><td>Actes techniques m\u00e9dicaux (hors imagerie)<\/td><td>25.67<\/td><td>25.67<\/td><td>2.0<\/td><td>25.67<\/td><\/tr><tr><td>Test d'\u00e9valuation d'une d\u00e9pression<\/td><td>Test d'\u00e9valuation neuropsychologique,<\/td><td>Actes techniques m\u00e9dicaux (hors imagerie)<\/td><td>69.12<\/td><td>69.12<\/td><td>2.0<\/td><td>69.12<\/td><\/tr><tr><td>Extraction unilat\u00e9rale ou bilat\u00e9rale de bouchon \u00e9pidermique du m\u00e9at acoustique externe<\/td><td>Ablation de bouchon de c\u00e9rumen ou de corps \u00e9tranger du conduit auditif (oreille),<\/td><td>Actes techniques m\u00e9dicaux (hors imagerie)<\/td><td>30.62<\/td><td>21.79<\/td><td>1.0<\/td><td>30.62<\/td><\/tr><tr><td>Test d'\u00e9valuation d'un d\u00e9ficit cognitif<\/td><td>Test d'\u00e9valuation neuropsychologique,<\/td><td>Actes techniques m\u00e9dicaux (hors imagerie)<\/td><td>69.12<\/td><td>69.12<\/td><td>2.0<\/td><td>69.12<\/td><\/tr><tr><td>Exploration du sens chromatique [vision des couleurs] par \u00e9preuves pseudo-isochromatiques<\/td><td>Examen de la vision,<\/td><td>Actes techniques m\u00e9dicaux (hors imagerie)<\/td><td>18.98<\/td><td>18.27<\/td><td>2.0<\/td><td>18.98<\/td><\/tr><tr><td>\u00c9valuation de l'acuit\u00e9 visuelle par la technique du regard pr\u00e9f\u00e9rentiel, avant l'\u00e2ge de 2 ans<\/td><td>Examen de la vision,<\/td><td>Actes techniques m\u00e9dicaux (hors imagerie)<\/td><td>25.81<\/td><td>23.03<\/td><td>2.0<\/td><td>25.81<\/td><\/tr><tr><td>\u00c9lectrocardiographie sur au moins 12 d\u00e9rivations<\/td><td>\u00c9lectrocardiogramme (ECG),<\/td><td>Actes techniques m\u00e9dicaux (hors imagerie)<\/td><td>14.52<\/td><td>13.66<\/td><td>2.0<\/td><td>14.52<\/td><\/tr><tr><td>\u00c9preuves de d\u00e9pistage de surdit\u00e9 avant l'\u00e2ge de 3 ans<\/td><td>Exploration de l'audition, de l'\u00e9quilibre et des vertiges<\/td><td>Actes techniques m\u00e9dicaux (hors imagerie)<\/td><td>49.46<\/td><td>40.78<\/td><td>2.0<\/td><td>49.46<\/td><\/tr><\/tbody><\/table>","nom_professionnel":"Dr Lisa Dakan Braun","numero_telephone":"03.88.69.29.61","convention_cas":"Secteur 1 ou conventionn\u00e9","contrat_acces_aux_soins":"Non.","sesam_vitale":"Lecteur de carte Sesam Vitale","coordonnees":"48.700582, 7.779743","adresse":"13c Rue Heyler  67720 Hoerdt","profession":"M\u00e9decin g\u00e9n\u00e9raliste","numero_rpps":"Non communiqu\u00e9.","profession_description":"Le m\u00e9decin g\u00e9n\u00e9raliste est un professionnel de sant\u00e9 polyvalent qui prend en charge les patients de tout \u00e2ge, du nourrisson \u00e0 la personne \u00e2g\u00e9e. Il assure le suivi m\u00e9dical global, la pr\u00e9vention, le diagnostic et le traitement des maladies courantes. Interlocuteur privil\u00e9gi\u00e9 des familles, il oriente si n\u00e9cessaire vers des sp\u00e9cialistes et coordonne les diff\u00e9rents soins pour garantir une prise en charge compl\u00e8te et adapt\u00e9e \u00e0 chaque situation.","commune":"H\u0153rdt","departement":"Bas-Rhin"},"taxonomy_info":{"departement":[{"value":962,"label":"Bas-Rhin"},{"value":4377,"label":"H\u0153rdt"}],"profession":[{"value":949,"label":"M\u00e9decin g\u00e9n\u00e9raliste"}]},"featured_image_src_large":false,"author_info":[],"comment_info":"","_links":{"self":[{"href":"https:\/\/heloa.app\/fr\/wp-json\/wp\/v2\/medecin\/43613","targetHints":{"allow":["GET"]}}],"collection":[{"href":"https:\/\/heloa.app\/fr\/wp-json\/wp\/v2\/medecin"}],"about":[{"href":"https:\/\/heloa.app\/fr\/wp-json\/wp\/v2\/types\/medecin"}],"version-history":[{"count":1,"href":"https:\/\/heloa.app\/fr\/wp-json\/wp\/v2\/medecin\/43613\/revisions"}],"predecessor-version":[{"id":43614,"href":"https:\/\/heloa.app\/fr\/wp-json\/wp\/v2\/medecin\/43613\/revisions\/43614"}],"wp:attachment":[{"href":"https:\/\/heloa.app\/fr\/wp-json\/wp\/v2\/media?parent=43613"}],"wp:term":[{"taxonomy":"category","embeddable":true,"href":"https:\/\/heloa.app\/fr\/wp-json\/wp\/v2\/categories?post=43613"},{"taxonomy":"departement","embeddable":true,"href":"https:\/\/heloa.app\/fr\/wp-json\/wp\/v2\/departement?post=43613"},{"taxonomy":"profession","embeddable":true,"href":"https:\/\/heloa.app\/fr\/wp-json\/wp\/v2\/profession?post=43613"}],"curies":[{"name":"wp","href":"https:\/\/api.w.org\/{rel}","templated":true}]}}