{"id":43019,"date":"2025-08-29T08:16:17","date_gmt":"2025-08-29T06:16:17","guid":{"rendered":"https:\/\/heloa.app\/fr?post_type=medecin&#038;p=43019"},"modified":"2025-08-29T08:16:17","modified_gmt":"2025-08-29T06:16:17","slug":"dr-bruno-burcheri","status":"publish","type":"medecin","link":"https:\/\/heloa.app\/fr\/medecin-generaliste\/bas-rhin\/strasbourg\/dr-bruno-burcheri","title":{"rendered":"Dr Bruno Burcheri | M\u00e9decin g\u00e9n\u00e9raliste \u00e0 Strasbourg"},"content":{"rendered":"","protected":false},"excerpt":{"rendered":"","protected":false},"featured_media":0,"template":"","format":"standard","meta":{"_acf_changed":false,"_kad_blocks_custom_css":"","_kad_blocks_head_custom_js":"","_kad_blocks_body_custom_js":"","_kad_blocks_footer_custom_js":"","_kad_post_transparent":"","_kad_post_title":"","_kad_post_layout":"","_kad_post_sidebar_id":"","_kad_post_content_style":"","_kad_post_vertical_padding":"","_kad_post_feature":"","_kad_post_feature_position":"","_kad_post_header":false,"_kad_post_footer":false,"_kad_post_classname":"","rank_math_title":"Dr Bruno Burcheri | M\u00e9decin g\u00e9n\u00e9raliste \u00e0 Strasbourg","rank_math_description":"Prenez RDV avec le Dr Bruno Burcheri, M\u00e9decin g\u00e9n\u00e9raliste. Adresse: Clinique Rhena Gcs 10 Rue Francois Epailly Cs 50003 67016 Strasbourg Cedex.","rank_math_focus_keyword":"","rank_math_primary_category":null,"ilj_linkdefinition":["bruno burcheri"],"footnotes":""},"categories":[],"departement":[962,9247],"profession":[949],"class_list":["post-43019","medecin","type-medecin","status-publish","format-standard","hentry","departement-bas-rhin","departement-strasbourg","profession-medecin-generaliste"],"acf":{"prestation_table":"<p>Aucune donn\u00e9e \u00e0 afficher<\/p>","technical_table":"<table border=\"1\" cellpadding=\"5\" cellspacing=\"0\"><thead><tr><th>Acte technique realise<\/th><th>Famille acte technique<\/th><th>Regroupement<\/th><th>Tarif secteur 1<\/th><th>Tarif hors secteur 1<\/th><th>Tm exoneration<\/th><th>Base remboursement<\/th><\/tr><\/thead><tbody><tr><td>\u00c9chographie-doppler des veines des membres inf\u00e9rieurs, avec marquage cutan\u00e9 ou cartographie h\u00e9modynamique<\/td><td>Echodoppler des veines,<\/td><td>Acte d'\u00e9chographie<\/td><td>75.6<\/td><td>75.6<\/td><td>2.0<\/td><td>75.6<\/td><\/tr><tr><td>Ex\u00e9r\u00e8ses multiples de branches de la grande veine saph\u00e8ne et\/ou de la petite veine saph\u00e8ne sous anesth\u00e9sie g\u00e9n\u00e9rale ou locor\u00e9gionale, par abord direct<\/td><td>Chirurgie des varices du membre inf\u00e9rieur,<\/td><td>Actes de chirurgie<\/td><td>146.25<\/td><td>124.33<\/td><td>1.0<\/td><td>124.33<\/td><\/tr><tr><td>\u00c9chographie et\/ou \u00e9chographie doppler de contr\u00f4le ou surveillance de pathologie d'un ou deux organes intra-abdominaux et\/ou intrapelviens, ou de vaisseaux p\u00e9riph\u00e9riques<\/td><td>\u00c9chographie de l'appareil digestif,<\/td><td>Acte d'\u00e9chographie<\/td><td>37.8<\/td><td>37.8<\/td><td>2.0<\/td><td>37.8<\/td><\/tr><\/tbody><\/table>","nom_professionnel":"Dr Bruno Burcheri","numero_telephone":"","convention_cas":"Secteur 2, Pas de contrat d'acc\u00e8s aux soins","contrat_acces_aux_soins":"Non.","sesam_vitale":"Lecteur de carte Sesam Vitale","coordonnees":"48.571299, 7.793722","adresse":"Clinique Rhena Gcs 10 Rue Francois Epailly Cs 50003 67016 Strasbourg Cedex","profession":"M\u00e9decin g\u00e9n\u00e9raliste","numero_rpps":"10002463494","profession_description":"Le m\u00e9decin g\u00e9n\u00e9raliste est un professionnel de sant\u00e9 polyvalent qui prend en charge les patients de tout \u00e2ge, du nourrisson \u00e0 la personne \u00e2g\u00e9e. Il assure le suivi m\u00e9dical global, la pr\u00e9vention, le diagnostic et le traitement des maladies courantes. Interlocuteur privil\u00e9gi\u00e9 des familles, il oriente si n\u00e9cessaire vers des sp\u00e9cialistes et coordonne les diff\u00e9rents soins pour garantir une prise en charge compl\u00e8te et adapt\u00e9e \u00e0 chaque situation.","commune":"Strasbourg","departement":"Bas-Rhin"},"taxonomy_info":{"departement":[{"value":962,"label":"Bas-Rhin"},{"value":9247,"label":"Strasbourg"}],"profession":[{"value":949,"label":"M\u00e9decin g\u00e9n\u00e9raliste"}]},"featured_image_src_large":false,"author_info":[],"comment_info":"","_links":{"self":[{"href":"https:\/\/heloa.app\/fr\/wp-json\/wp\/v2\/medecin\/43019","targetHints":{"allow":["GET"]}}],"collection":[{"href":"https:\/\/heloa.app\/fr\/wp-json\/wp\/v2\/medecin"}],"about":[{"href":"https:\/\/heloa.app\/fr\/wp-json\/wp\/v2\/types\/medecin"}],"version-history":[{"count":1,"href":"https:\/\/heloa.app\/fr\/wp-json\/wp\/v2\/medecin\/43019\/revisions"}],"predecessor-version":[{"id":43020,"href":"https:\/\/heloa.app\/fr\/wp-json\/wp\/v2\/medecin\/43019\/revisions\/43020"}],"wp:attachment":[{"href":"https:\/\/heloa.app\/fr\/wp-json\/wp\/v2\/media?parent=43019"}],"wp:term":[{"taxonomy":"category","embeddable":true,"href":"https:\/\/heloa.app\/fr\/wp-json\/wp\/v2\/categories?post=43019"},{"taxonomy":"departement","embeddable":true,"href":"https:\/\/heloa.app\/fr\/wp-json\/wp\/v2\/departement?post=43019"},{"taxonomy":"profession","embeddable":true,"href":"https:\/\/heloa.app\/fr\/wp-json\/wp\/v2\/profession?post=43019"}],"curies":[{"name":"wp","href":"https:\/\/api.w.org\/{rel}","templated":true}]}}